{"id":2357,"date":"2025-03-04T20:58:05","date_gmt":"2025-03-04T19:58:05","guid":{"rendered":"https:\/\/lourdesmb.be\/programme-2025\/"},"modified":"2025-03-05T21:37:51","modified_gmt":"2025-03-05T20:37:51","slug":"programme-2025","status":"publish","type":"page","link":"https:\/\/lourdesmb.be\/nl\/programme-2025\/","title":{"rendered":"Programma"},"content":{"rendered":"\t\t<div data-elementor-type=\"wp-page\" data-elementor-id=\"2357\" class=\"elementor elementor-2357\">\n\t\t\t\t\t\t<section class=\"elementor-section elementor-top-section elementor-element elementor-element-7d41050 elementor-section-boxed elementor-section-height-default elementor-section-height-default\" data-id=\"7d41050\" data-element_type=\"section\" data-e-type=\"section\" data-settings=\"{&quot;background_background&quot;:&quot;classic&quot;}\">\n\t\t\t\t\t\t\t<div class=\"elementor-background-overlay\"><\/div>\n\t\t\t\t\t\t\t<div class=\"elementor-container elementor-column-gap-default\">\n\t\t\t\t\t<div class=\"elementor-column elementor-col-100 elementor-top-column elementor-element elementor-element-cc1b474\" data-id=\"cc1b474\" data-element_type=\"column\" data-e-type=\"column\">\n\t\t\t<div class=\"elementor-widget-wrap elementor-element-populated\">\n\t\t\t\t\t\t<div class=\"elementor-element elementor-element-948affd elementor-widget elementor-widget-heading\" data-id=\"948affd\" data-element_type=\"widget\" data-e-type=\"widget\" data-widget_type=\"heading.default\">\n\t\t\t\t<div class=\"elementor-widget-container\">\n\t\t\t\t\t<h2 class=\"elementor-heading-title elementor-size-default\">Programma 2025<\/h2>\t\t\t\t<\/div>\n\t\t\t\t<\/div>\n\t\t\t\t\t<\/div>\n\t\t<\/div>\n\t\t\t\t\t<\/div>\n\t\t<\/section>\n\t\t\t\t<section class=\"elementor-section elementor-top-section elementor-element elementor-element-9b49a87 elementor-section-boxed elementor-section-height-default elementor-section-height-default\" data-id=\"9b49a87\" data-element_type=\"section\" data-e-type=\"section\">\n\t\t\t\t\t\t<div class=\"elementor-container elementor-column-gap-default\">\n\t\t\t\t\t<div class=\"elementor-column elementor-col-100 elementor-top-column elementor-element elementor-element-92804a2\" data-id=\"92804a2\" data-element_type=\"column\" data-e-type=\"column\">\n\t\t\t<div class=\"elementor-widget-wrap elementor-element-populated\">\n\t\t\t\t\t\t<div class=\"elementor-element elementor-element-deb7e05 elementor-widget elementor-widget-spacer\" data-id=\"deb7e05\" data-element_type=\"widget\" data-e-type=\"widget\" data-widget_type=\"spacer.default\">\n\t\t\t\t<div class=\"elementor-widget-container\">\n\t\t\t\t\t\t\t<div class=\"elementor-spacer\">\n\t\t\t<div class=\"elementor-spacer-inner\"><\/div>\n\t\t<\/div>\n\t\t\t\t\t\t<\/div>\n\t\t\t\t<\/div>\n\t\t\t\t<div class=\"elementor-element elementor-element-bb16154 elementor-widget elementor-widget-text-editor\" data-id=\"bb16154\" data-element_type=\"widget\" data-e-type=\"widget\" data-widget_type=\"text-editor.default\">\n\t\t\t\t<div class=\"elementor-widget-container\">\n\t\t\t\t\t\t\t\t\t<p style=\"text-align: center;\"><strong><span style=\"text-decoration: underline;\">Woensdag 13 augustus<\/span><\/strong><br \/><em>Vertrek met de bus vanuit Belgi\u00eb en met de trein vanuit Tourcoing.\u00a0<\/em><\/p>\t\t\t\t\t\t\t\t<\/div>\n\t\t\t\t<\/div>\n\t\t\t\t<section class=\"elementor-section elementor-inner-section elementor-element elementor-element-c39b406 elementor-section-boxed elementor-section-height-default elementor-section-height-default\" data-id=\"c39b406\" data-element_type=\"section\" data-e-type=\"section\">\n\t\t\t\t\t\t<div class=\"elementor-container elementor-column-gap-default\">\n\t\t\t\t\t<div class=\"elementor-column elementor-col-50 elementor-inner-column elementor-element elementor-element-f520805\" data-id=\"f520805\" data-element_type=\"column\" data-e-type=\"column\">\n\t\t\t<div class=\"elementor-widget-wrap elementor-element-populated\">\n\t\t\t\t\t\t<div class=\"elementor-element elementor-element-cb0a807 elementor-widget elementor-widget-text-editor\" data-id=\"cb0a807\" data-element_type=\"widget\" data-e-type=\"widget\" data-widget_type=\"text-editor.default\">\n\t\t\t\t<div class=\"elementor-widget-container\">\n\t\t\t\t\t\t\t\t\t<p style=\"text-align: center;\"><strong><span style=\"text-decoration: underline;\">Donderdag 14 augustus<\/span><\/strong><\/p><p><i><span style=\"text-decoration: underline;\">Voormiddag<\/span>\u00a0<\/i><\/p><ul><li><i>O<\/i>nthaal van de bedevaarders en voorstelling van de verschillende groepen.<\/li><li>Conferentie over het thema \u201cMet Maria pelgrims van hoop\u201d.<\/li><\/ul><p><span style=\"text-decoration: underline;\"><i>Namiddag<\/i><\/span><\/p><ul><li>Openingsviering in de Rozenkransbasiliek.<\/li><\/ul>\t\t\t\t\t\t\t\t<\/div>\n\t\t\t\t<\/div>\n\t\t\t\t\t<\/div>\n\t\t<\/div>\n\t\t\t\t<div class=\"elementor-column elementor-col-50 elementor-inner-column elementor-element elementor-element-85fc5d5\" data-id=\"85fc5d5\" data-element_type=\"column\" data-e-type=\"column\">\n\t\t\t<div class=\"elementor-widget-wrap elementor-element-populated\">\n\t\t\t\t\t\t<div class=\"elementor-element elementor-element-c69de6b elementor-invisible elementor-widget elementor-widget-image\" data-id=\"c69de6b\" data-element_type=\"widget\" data-e-type=\"widget\" data-settings=\"{&quot;_animation&quot;:&quot;fadeIn&quot;,&quot;_animation_delay&quot;:500}\" data-widget_type=\"image.default\">\n\t\t\t\t<div class=\"elementor-widget-container\">\n\t\t\t\t\t\t\t\t\t\t\t\t\t\t\t<img fetchpriority=\"high\" decoding=\"async\" width=\"1024\" height=\"683\" src=\"https:\/\/lourdesmb.be\/wp-content\/uploads\/2025\/03\/IMG_0536-1024x683.jpg\" class=\"attachment-large size-large wp-image-2319\" alt=\"\" srcset=\"https:\/\/lourdesmb.be\/wp-content\/uploads\/2025\/03\/IMG_0536-1024x683.jpg 1024w, https:\/\/lourdesmb.be\/wp-content\/uploads\/2025\/03\/IMG_0536-300x200.jpg 300w, https:\/\/lourdesmb.be\/wp-content\/uploads\/2025\/03\/IMG_0536-768x512.jpg 768w, https:\/\/lourdesmb.be\/wp-content\/uploads\/2025\/03\/IMG_0536-1536x1024.jpg 1536w, https:\/\/lourdesmb.be\/wp-content\/uploads\/2025\/03\/IMG_0536-2048x1365.jpg 2048w\" sizes=\"(max-width: 1024px) 100vw, 1024px\" \/>\t\t\t\t\t\t\t\t\t\t\t\t\t\t\t<\/div>\n\t\t\t\t<\/div>\n\t\t\t\t\t<\/div>\n\t\t<\/div>\n\t\t\t\t\t<\/div>\n\t\t<\/section>\n\t\t\t\t<section class=\"elementor-section elementor-inner-section elementor-element elementor-element-1bd479c elementor-section-boxed elementor-section-height-default elementor-section-height-default\" data-id=\"1bd479c\" data-element_type=\"section\" data-e-type=\"section\">\n\t\t\t\t\t\t<div class=\"elementor-container elementor-column-gap-default\">\n\t\t\t\t\t<div class=\"elementor-column elementor-col-50 elementor-inner-column elementor-element elementor-element-71ebcf5\" data-id=\"71ebcf5\" data-element_type=\"column\" data-e-type=\"column\">\n\t\t\t<div class=\"elementor-widget-wrap elementor-element-populated\">\n\t\t\t\t\t\t<div class=\"elementor-element elementor-element-6721b43 elementor-invisible elementor-widget elementor-widget-image\" data-id=\"6721b43\" data-element_type=\"widget\" data-e-type=\"widget\" data-settings=\"{&quot;_animation&quot;:&quot;fadeIn&quot;}\" data-widget_type=\"image.default\">\n\t\t\t\t<div class=\"elementor-widget-container\">\n\t\t\t\t\t\t\t\t\t\t\t\t\t\t\t<img decoding=\"async\" width=\"1024\" height=\"683\" src=\"https:\/\/lourdesmb.be\/wp-content\/uploads\/2025\/03\/IMG_1185-1024x683.jpg\" class=\"attachment-large size-large wp-image-2317\" alt=\"\" srcset=\"https:\/\/lourdesmb.be\/wp-content\/uploads\/2025\/03\/IMG_1185-1024x683.jpg 1024w, https:\/\/lourdesmb.be\/wp-content\/uploads\/2025\/03\/IMG_1185-300x200.jpg 300w, https:\/\/lourdesmb.be\/wp-content\/uploads\/2025\/03\/IMG_1185-768x512.jpg 768w, https:\/\/lourdesmb.be\/wp-content\/uploads\/2025\/03\/IMG_1185-1536x1024.jpg 1536w, https:\/\/lourdesmb.be\/wp-content\/uploads\/2025\/03\/IMG_1185-2048x1365.jpg 2048w\" sizes=\"(max-width: 1024px) 100vw, 1024px\" \/>\t\t\t\t\t\t\t\t\t\t\t\t\t\t\t<\/div>\n\t\t\t\t<\/div>\n\t\t\t\t\t<\/div>\n\t\t<\/div>\n\t\t\t\t<div class=\"elementor-column elementor-col-50 elementor-inner-column elementor-element elementor-element-dd532e6\" data-id=\"dd532e6\" data-element_type=\"column\" data-e-type=\"column\">\n\t\t\t<div class=\"elementor-widget-wrap elementor-element-populated\">\n\t\t\t\t\t\t<div class=\"elementor-element elementor-element-a02f82c elementor-widget elementor-widget-text-editor\" data-id=\"a02f82c\" data-element_type=\"widget\" data-e-type=\"widget\" data-widget_type=\"text-editor.default\">\n\t\t\t\t<div class=\"elementor-widget-container\">\n\t\t\t\t\t\t\t\t\t<p style=\"text-align: center;\"><strong><span style=\"text-decoration: underline;\">Vrijdag 15 augustus Feestdag OLV Hemelvaart<\/span><\/strong><\/p><p><i><span style=\"text-decoration: underline;\">Voormiddag<\/span> <\/i><\/p><ul><li>Internationale mis<\/li><\/ul><p><span style=\"text-decoration: underline;\"><i>Namiddag <\/i><\/span><\/p><ul><li>Vrije namiddag met uitstappen naar Val d\u2019 Azun, de weg van Bernadette, Pic du Jer, Bartr\u00e8s\u2026.<\/li><\/ul><p><span style=\"text-decoration: underline;\">Avond<\/span><\/p><ul><li>Mariale processie<\/li><\/ul>\t\t\t\t\t\t\t\t<\/div>\n\t\t\t\t<\/div>\n\t\t\t\t\t<\/div>\n\t\t<\/div>\n\t\t\t\t\t<\/div>\n\t\t<\/section>\n\t\t\t\t<section class=\"elementor-section elementor-inner-section elementor-element elementor-element-baaa90d elementor-section-boxed elementor-section-height-default elementor-section-height-default\" data-id=\"baaa90d\" data-element_type=\"section\" data-e-type=\"section\">\n\t\t\t\t\t\t<div class=\"elementor-container elementor-column-gap-default\">\n\t\t\t\t\t<div class=\"elementor-column elementor-col-50 elementor-inner-column elementor-element elementor-element-8c45982\" data-id=\"8c45982\" data-element_type=\"column\" data-e-type=\"column\">\n\t\t\t<div class=\"elementor-widget-wrap elementor-element-populated\">\n\t\t\t\t\t\t<div class=\"elementor-element elementor-element-57bf165 elementor-widget elementor-widget-text-editor\" data-id=\"57bf165\" data-element_type=\"widget\" data-e-type=\"widget\" data-widget_type=\"text-editor.default\">\n\t\t\t\t<div class=\"elementor-widget-container\">\n\t\t\t\t\t\t\t\t\t<p style=\"text-align: center;\"><span style=\"text-decoration: underline;\"><b>Zaterdag 16 augustus<span class=\"Apple-converted-space\">\u00a0<\/span><\/b><\/span><\/p><p><span style=\"text-decoration: underline;\"><i>Voormiddag <\/i><\/span><\/p><ul><li>Viering aan de grot aansluitend doorgang aan de grot en offeren van de kaarsen bij de lichtkapellen.<\/li><\/ul><p><span style=\"text-decoration: underline;\"><i>Namiddag <\/i><\/span><\/p><ul><li>Conferentie rond het boetesacrament en de ziekenzalving<\/li><li><span style=\"font-size: 16px;\">Uitwisseling in kleine groepjes rond het jaarthema<\/span><\/li><li><span style=\"font-size: 16px;\">Eucharistische processie<\/span><\/li><\/ul>\t\t\t\t\t\t\t\t<\/div>\n\t\t\t\t<\/div>\n\t\t\t\t\t<\/div>\n\t\t<\/div>\n\t\t\t\t<div class=\"elementor-column elementor-col-50 elementor-inner-column elementor-element elementor-element-91b6010\" data-id=\"91b6010\" data-element_type=\"column\" data-e-type=\"column\">\n\t\t\t<div class=\"elementor-widget-wrap elementor-element-populated\">\n\t\t\t\t\t\t<div class=\"elementor-element elementor-element-3458f94 elementor-invisible elementor-widget elementor-widget-image\" data-id=\"3458f94\" data-element_type=\"widget\" data-e-type=\"widget\" data-settings=\"{&quot;_animation&quot;:&quot;fadeIn&quot;,&quot;_animation_delay&quot;:500}\" data-widget_type=\"image.default\">\n\t\t\t\t<div class=\"elementor-widget-container\">\n\t\t\t\t\t\t\t\t\t\t\t\t\t\t\t<img decoding=\"async\" width=\"1024\" height=\"757\" src=\"https:\/\/lourdesmb.be\/wp-content\/uploads\/2025\/03\/IMG_0791-scaled-e1741118442657-1024x757.jpg\" class=\"attachment-large size-large wp-image-2321\" alt=\"\" srcset=\"https:\/\/lourdesmb.be\/wp-content\/uploads\/2025\/03\/IMG_0791-scaled-e1741118442657-1024x757.jpg 1024w, https:\/\/lourdesmb.be\/wp-content\/uploads\/2025\/03\/IMG_0791-scaled-e1741118442657-300x222.jpg 300w, https:\/\/lourdesmb.be\/wp-content\/uploads\/2025\/03\/IMG_0791-scaled-e1741118442657-768x568.jpg 768w, https:\/\/lourdesmb.be\/wp-content\/uploads\/2025\/03\/IMG_0791-scaled-e1741118442657-1536x1135.jpg 1536w, https:\/\/lourdesmb.be\/wp-content\/uploads\/2025\/03\/IMG_0791-scaled-e1741118442657.jpg 1975w\" sizes=\"(max-width: 1024px) 100vw, 1024px\" \/>\t\t\t\t\t\t\t\t\t\t\t\t\t\t\t<\/div>\n\t\t\t\t<\/div>\n\t\t\t\t\t<\/div>\n\t\t<\/div>\n\t\t\t\t\t<\/div>\n\t\t<\/section>\n\t\t\t\t<section class=\"elementor-section elementor-inner-section elementor-element elementor-element-565b8d2 elementor-section-boxed elementor-section-height-default elementor-section-height-default\" data-id=\"565b8d2\" data-element_type=\"section\" data-e-type=\"section\">\n\t\t\t\t\t\t<div class=\"elementor-container elementor-column-gap-default\">\n\t\t\t\t\t<div class=\"elementor-column elementor-col-50 elementor-inner-column elementor-element elementor-element-9b82bf0\" data-id=\"9b82bf0\" data-element_type=\"column\" data-e-type=\"column\">\n\t\t\t<div class=\"elementor-widget-wrap elementor-element-populated\">\n\t\t\t\t\t\t<div class=\"elementor-element elementor-element-e4eeaaf elementor-invisible elementor-widget elementor-widget-image\" data-id=\"e4eeaaf\" data-element_type=\"widget\" data-e-type=\"widget\" data-settings=\"{&quot;_animation&quot;:&quot;fadeIn&quot;,&quot;_animation_delay&quot;:500}\" data-widget_type=\"image.default\">\n\t\t\t\t<div class=\"elementor-widget-container\">\n\t\t\t\t\t\t\t\t\t\t\t\t\t\t\t<img loading=\"lazy\" decoding=\"async\" width=\"1024\" height=\"683\" src=\"https:\/\/lourdesmb.be\/wp-content\/uploads\/2023\/09\/IMG_1687-1024x683.jpg\" class=\"attachment-large size-large wp-image-1698\" alt=\"\" srcset=\"https:\/\/lourdesmb.be\/wp-content\/uploads\/2023\/09\/IMG_1687-1024x683.jpg 1024w, https:\/\/lourdesmb.be\/wp-content\/uploads\/2023\/09\/IMG_1687-300x200.jpg 300w, https:\/\/lourdesmb.be\/wp-content\/uploads\/2023\/09\/IMG_1687-768x512.jpg 768w, https:\/\/lourdesmb.be\/wp-content\/uploads\/2023\/09\/IMG_1687-1536x1024.jpg 1536w, https:\/\/lourdesmb.be\/wp-content\/uploads\/2023\/09\/IMG_1687-2048x1365.jpg 2048w\" sizes=\"(max-width: 1024px) 100vw, 1024px\" \/>\t\t\t\t\t\t\t\t\t\t\t\t\t\t\t<\/div>\n\t\t\t\t<\/div>\n\t\t\t\t\t<\/div>\n\t\t<\/div>\n\t\t\t\t<div class=\"elementor-column elementor-col-50 elementor-inner-column elementor-element elementor-element-de3d78d\" data-id=\"de3d78d\" data-element_type=\"column\" data-e-type=\"column\">\n\t\t\t<div class=\"elementor-widget-wrap elementor-element-populated\">\n\t\t\t\t\t\t<div class=\"elementor-element elementor-element-c05b634 elementor-widget elementor-widget-text-editor\" data-id=\"c05b634\" data-element_type=\"widget\" data-e-type=\"widget\" data-widget_type=\"text-editor.default\">\n\t\t\t\t<div class=\"elementor-widget-container\">\n\t\t\t\t\t\t\t\t\t<p style=\"text-align: center;\"><span style=\"text-decoration: underline;\"><strong>Zondag 17 augustus<span class=\"Apple-converted-space\">\u00a0<\/span><\/strong><\/span><\/p><p><span style=\"text-decoration: underline;\"><i>Voormiddag<\/i><\/span><\/p><ul><li>Nederlandstalige viering of Franstalige viering<\/li><\/ul><p><span style=\"text-decoration: underline;\"><i>Namiddag <\/i><\/span><\/p><ul><li>Liturgie rond de weg van het water<\/li><li><span style=\"font-size: 16px;\">Ziekenzalving<\/span><\/li><\/ul>\t\t\t\t\t\t\t\t<\/div>\n\t\t\t\t<\/div>\n\t\t\t\t\t<\/div>\n\t\t<\/div>\n\t\t\t\t\t<\/div>\n\t\t<\/section>\n\t\t\t\t<section class=\"elementor-section elementor-inner-section elementor-element elementor-element-fe2e704 elementor-section-boxed elementor-section-height-default elementor-section-height-default\" data-id=\"fe2e704\" data-element_type=\"section\" data-e-type=\"section\">\n\t\t\t\t\t\t<div class=\"elementor-container elementor-column-gap-default\">\n\t\t\t\t\t<div class=\"elementor-column elementor-col-50 elementor-inner-column elementor-element elementor-element-4b1635f\" data-id=\"4b1635f\" data-element_type=\"column\" data-e-type=\"column\">\n\t\t\t<div class=\"elementor-widget-wrap elementor-element-populated\">\n\t\t\t\t\t\t<div class=\"elementor-element elementor-element-3dbc663 elementor-widget elementor-widget-text-editor\" data-id=\"3dbc663\" data-element_type=\"widget\" data-e-type=\"widget\" data-widget_type=\"text-editor.default\">\n\t\t\t\t<div class=\"elementor-widget-container\">\n\t\t\t\t\t\t\t\t\t<p style=\"text-align: center;\"><span style=\"text-decoration: underline;\"><b>Maandag 18 augustus<\/b><\/span><\/p><p><span style=\"text-decoration: underline;\"><i>Voormiddag <\/i><\/span><\/p><ul><li>Openlucht viering in de Cit\u00e9 St-Pierre<\/li><\/ul><p><span style=\"text-decoration: underline;\"><i>Namiddag <\/i><\/span><\/p><ul><li>Kruisweg<\/li><li><span style=\"font-size: 16px;\">Zending<\/span>\u00a0<\/li><\/ul>\t\t\t\t\t\t\t\t<\/div>\n\t\t\t\t<\/div>\n\t\t\t\t\t<\/div>\n\t\t<\/div>\n\t\t\t\t<div class=\"elementor-column elementor-col-50 elementor-inner-column elementor-element elementor-element-67f7196\" data-id=\"67f7196\" data-element_type=\"column\" data-e-type=\"column\">\n\t\t\t<div class=\"elementor-widget-wrap elementor-element-populated\">\n\t\t\t\t\t\t<div class=\"elementor-element elementor-element-629b9ac elementor-invisible elementor-widget elementor-widget-image\" data-id=\"629b9ac\" data-element_type=\"widget\" data-e-type=\"widget\" data-settings=\"{&quot;_animation&quot;:&quot;fadeIn&quot;,&quot;_animation_delay&quot;:500}\" data-widget_type=\"image.default\">\n\t\t\t\t<div class=\"elementor-widget-container\">\n\t\t\t\t\t\t\t\t\t\t\t\t\t\t\t<img loading=\"lazy\" decoding=\"async\" width=\"1024\" height=\"683\" src=\"https:\/\/lourdesmb.be\/wp-content\/uploads\/2023\/09\/IMG_1769-1024x683.jpg\" class=\"attachment-large size-large wp-image-1712\" alt=\"\" srcset=\"https:\/\/lourdesmb.be\/wp-content\/uploads\/2023\/09\/IMG_1769-1024x683.jpg 1024w, https:\/\/lourdesmb.be\/wp-content\/uploads\/2023\/09\/IMG_1769-300x200.jpg 300w, https:\/\/lourdesmb.be\/wp-content\/uploads\/2023\/09\/IMG_1769-768x512.jpg 768w, https:\/\/lourdesmb.be\/wp-content\/uploads\/2023\/09\/IMG_1769-1536x1024.jpg 1536w, https:\/\/lourdesmb.be\/wp-content\/uploads\/2023\/09\/IMG_1769-2048x1365.jpg 2048w\" sizes=\"(max-width: 1024px) 100vw, 1024px\" \/>\t\t\t\t\t\t\t\t\t\t\t\t\t\t\t<\/div>\n\t\t\t\t<\/div>\n\t\t\t\t\t<\/div>\n\t\t<\/div>\n\t\t\t\t\t<\/div>\n\t\t<\/section>\n\t\t\t\t\t<\/div>\n\t\t<\/div>\n\t\t\t\t\t<\/div>\n\t\t<\/section>\n\t\t\t\t<section class=\"elementor-section elementor-top-section elementor-element elementor-element-7764b87 elementor-section-boxed elementor-section-height-default elementor-section-height-default\" data-id=\"7764b87\" data-element_type=\"section\" data-e-type=\"section\">\n\t\t\t\t\t\t<div class=\"elementor-container elementor-column-gap-default\">\n\t\t\t\t\t<div class=\"elementor-column elementor-col-100 elementor-top-column elementor-element elementor-element-e363f01\" data-id=\"e363f01\" data-element_type=\"column\" data-e-type=\"column\">\n\t\t\t<div class=\"elementor-widget-wrap elementor-element-populated\">\n\t\t\t\t\t\t<div class=\"elementor-element elementor-element-bf9996e elementor-widget elementor-widget-text-editor\" data-id=\"bf9996e\" data-element_type=\"widget\" data-e-type=\"widget\" data-widget_type=\"text-editor.default\">\n\t\t\t\t<div class=\"elementor-widget-container\">\n\t\t\t\t\t\t\t\t\t<p style=\"text-align: center;\"><span style=\"text-decoration: underline;\"><strong>Dinsdag 19 augustus\u00a0<br \/><\/strong><\/span><em>Treinrit terug naar Belgi\u00eb<\/em><\/p>\t\t\t\t\t\t\t\t<\/div>\n\t\t\t\t<\/div>\n\t\t\t\t<div class=\"elementor-element elementor-element-a78848c elementor-widget-divider--view-line elementor-widget elementor-widget-divider\" data-id=\"a78848c\" data-element_type=\"widget\" data-e-type=\"widget\" data-widget_type=\"divider.default\">\n\t\t\t\t<div class=\"elementor-widget-container\">\n\t\t\t\t\t\t\t<div class=\"elementor-divider\">\n\t\t\t<span class=\"elementor-divider-separator\">\n\t\t\t\t\t\t<\/span>\n\t\t<\/div>\n\t\t\t\t\t\t<\/div>\n\t\t\t\t<\/div>\n\t\t\t\t\t<\/div>\n\t\t<\/div>\n\t\t\t\t\t<\/div>\n\t\t<\/section>\n\t\t\t\t<\/div>\n\t\t","protected":false},"excerpt":{"rendered":"<p>Programme 2025 Mercredi 13 ao\u00fbtD\u00e9part en bus de Belgique et puis en TGV de Tourcoing.\u00a0 Jeudi 14 ao\u00fbt Matin Accueil au p\u00e8lerinage et pr\u00e9sentation des groupes. Conf\u00e9rence sur le th\u00e8me\u00a0 \u201cAvec Marie, P\u00e8lerins d\u2019Esp\u00e9rance\u201c. Apr\u00e8s &#8211; midi Messe d\u2019ouverture dans la Basilique du Rosaire. Vendredi 15 ao\u00fbt \u00a0&#8211; F\u00eate de l\u2019Assomption Matin Messe internationale Apr\u00e8s [&hellip;]<\/p>\n","protected":false},"author":1,"featured_media":0,"parent":0,"menu_order":0,"comment_status":"closed","ping_status":"closed","template":"","meta":{"site-sidebar-layout":"no-sidebar","site-content-layout":"page-builder","ast-site-content-layout":"full-width-container","site-content-style":"default","site-sidebar-style":"default","ast-global-header-display":"","ast-banner-title-visibility":"","ast-main-header-display":"","ast-hfb-above-header-display":"","ast-hfb-below-header-display":"","ast-hfb-mobile-header-display":"","site-post-title":"disabled","ast-breadcrumbs-content":"","ast-featured-img":"disabled","footer-sml-layout":"","ast-disable-related-posts":"","theme-transparent-header-meta":"","adv-header-id-meta":"","stick-header-meta":"","header-above-stick-meta":"","header-main-stick-meta":"","header-below-stick-meta":"","astra-migrate-meta-layouts":"set","ast-page-background-enabled":"default","ast-page-background-meta":{"desktop":{"background-color":"var(--ast-global-color-4)","background-image":"","background-repeat":"repeat","background-position":"center center","background-size":"auto","background-attachment":"scroll","background-type":"","background-media":"","overlay-type":"","overlay-color":"","overlay-opacity":"","overlay-gradient":""},"tablet":{"background-color":"","background-image":"","background-repeat":"repeat","background-position":"center center","background-size":"auto","background-attachment":"scroll","background-type":"","background-media":"","overlay-type":"","overlay-color":"","overlay-opacity":"","overlay-gradient":""},"mobile":{"background-color":"","background-image":"","background-repeat":"repeat","background-position":"center center","background-size":"auto","background-attachment":"scroll","background-type":"","background-media":"","overlay-type":"","overlay-color":"","overlay-opacity":"","overlay-gradient":""}},"ast-content-background-meta":{"desktop":{"background-color":"var(--ast-global-color-5)","background-image":"","background-repeat":"repeat","background-position":"center center","background-size":"auto","background-attachment":"scroll","background-type":"","background-media":"","overlay-type":"","overlay-color":"","overlay-opacity":"","overlay-gradient":""},"tablet":{"background-color":"var(--ast-global-color-5)","background-image":"","background-repeat":"repeat","background-position":"center center","background-size":"auto","background-attachment":"scroll","background-type":"","background-media":"","overlay-type":"","overlay-color":"","overlay-opacity":"","overlay-gradient":""},"mobile":{"background-color":"var(--ast-global-color-5)","background-image":"","background-repeat":"repeat","background-position":"center center","background-size":"auto","background-attachment":"scroll","background-type":"","background-media":"","overlay-type":"","overlay-color":"","overlay-opacity":"","overlay-gradient":""}},"ngg_post_thumbnail":0,"footnotes":""},"class_list":["post-2357","page","type-page","status-publish","hentry"],"yoast_head":"<!-- This site is optimized with the Yoast SEO plugin v27.5 - https:\/\/yoast.com\/product\/yoast-seo-wordpress\/ -->\n<title>Programma - P\u00e8lerinage de Lourdes<\/title>\n<meta name=\"robots\" content=\"index, follow, max-snippet:-1, max-image-preview:large, max-video-preview:-1\" \/>\n<link rel=\"canonical\" href=\"https:\/\/lourdesmb.be\/nl\/programme-2025\/\" \/>\n<meta property=\"og:locale\" content=\"nl_NL\" \/>\n<meta property=\"og:type\" content=\"article\" \/>\n<meta property=\"og:title\" content=\"Programma - P\u00e8lerinage de Lourdes\" \/>\n<meta property=\"og:description\" content=\"Programme 2025 Mercredi 13 ao\u00fbtD\u00e9part en bus de Belgique et puis en TGV de Tourcoing.\u00a0 Jeudi 14 ao\u00fbt Matin Accueil au p\u00e8lerinage et pr\u00e9sentation des groupes. Conf\u00e9rence sur le th\u00e8me\u00a0 \u201cAvec Marie, P\u00e8lerins d\u2019Esp\u00e9rance\u201c. Apr\u00e8s &#8211; midi Messe d\u2019ouverture dans la Basilique du Rosaire. Vendredi 15 ao\u00fbt \u00a0&#8211; F\u00eate de l\u2019Assomption Matin Messe internationale Apr\u00e8s [&hellip;]\" \/>\n<meta property=\"og:url\" content=\"https:\/\/lourdesmb.be\/nl\/programme-2025\/\" \/>\n<meta property=\"og:site_name\" content=\"P\u00e8lerinage de Lourdes\" \/>\n<meta property=\"article:modified_time\" content=\"2025-03-05T20:37:51+00:00\" \/>\n<meta property=\"og:image\" content=\"https:\/\/lourdesmb.be\/wp-content\/uploads\/2025\/03\/IMG_0536-1024x683.jpg\" \/>\n<meta name=\"twitter:card\" content=\"summary_large_image\" \/>\n<meta name=\"twitter:label1\" content=\"Geschatte leestijd\" \/>\n\t<meta name=\"twitter:data1\" content=\"2 minuten\" \/>\n<script type=\"application\/ld+json\" class=\"yoast-schema-graph\">{\"@context\":\"https:\\\/\\\/schema.org\",\"@graph\":[{\"@type\":\"WebPage\",\"@id\":\"https:\\\/\\\/lourdesmb.be\\\/nl\\\/programme-2025\\\/\",\"url\":\"https:\\\/\\\/lourdesmb.be\\\/nl\\\/programme-2025\\\/\",\"name\":\"Programma - P\u00e8lerinage de Lourdes\",\"isPartOf\":{\"@id\":\"https:\\\/\\\/lourdesmb.be\\\/nl\\\/#website\"},\"primaryImageOfPage\":{\"@id\":\"https:\\\/\\\/lourdesmb.be\\\/nl\\\/programme-2025\\\/#primaryimage\"},\"image\":{\"@id\":\"https:\\\/\\\/lourdesmb.be\\\/nl\\\/programme-2025\\\/#primaryimage\"},\"thumbnailUrl\":\"https:\\\/\\\/lourdesmb.be\\\/wp-content\\\/uploads\\\/2025\\\/03\\\/IMG_0536-1024x683.jpg\",\"datePublished\":\"2025-03-04T19:58:05+00:00\",\"dateModified\":\"2025-03-05T20:37:51+00:00\",\"breadcrumb\":{\"@id\":\"https:\\\/\\\/lourdesmb.be\\\/nl\\\/programme-2025\\\/#breadcrumb\"},\"inLanguage\":\"nl-NL\",\"potentialAction\":[{\"@type\":\"ReadAction\",\"target\":[\"https:\\\/\\\/lourdesmb.be\\\/nl\\\/programme-2025\\\/\"]}]},{\"@type\":\"ImageObject\",\"inLanguage\":\"nl-NL\",\"@id\":\"https:\\\/\\\/lourdesmb.be\\\/nl\\\/programme-2025\\\/#primaryimage\",\"url\":\"https:\\\/\\\/lourdesmb.be\\\/wp-content\\\/uploads\\\/2025\\\/03\\\/IMG_0536-1024x683.jpg\",\"contentUrl\":\"https:\\\/\\\/lourdesmb.be\\\/wp-content\\\/uploads\\\/2025\\\/03\\\/IMG_0536-1024x683.jpg\"},{\"@type\":\"BreadcrumbList\",\"@id\":\"https:\\\/\\\/lourdesmb.be\\\/nl\\\/programme-2025\\\/#breadcrumb\",\"itemListElement\":[{\"@type\":\"ListItem\",\"position\":1,\"name\":\"Accueil\",\"item\":\"https:\\\/\\\/lourdesmb.be\\\/nl\\\/\"},{\"@type\":\"ListItem\",\"position\":2,\"name\":\"Programma\"}]},{\"@type\":\"WebSite\",\"@id\":\"https:\\\/\\\/lourdesmb.be\\\/nl\\\/#website\",\"url\":\"https:\\\/\\\/lourdesmb.be\\\/nl\\\/\",\"name\":\"P\u00e8lerinage de Lourdes\",\"description\":\"R\u00e9alisez votre v\u0153u, votre souhait d\u2019aller \u00e0 Lourdes en p\u00e8lerinage\",\"publisher\":{\"@id\":\"https:\\\/\\\/lourdesmb.be\\\/nl\\\/#organization\"},\"potentialAction\":[{\"@type\":\"SearchAction\",\"target\":{\"@type\":\"EntryPoint\",\"urlTemplate\":\"https:\\\/\\\/lourdesmb.be\\\/nl\\\/?s={search_term_string}\"},\"query-input\":{\"@type\":\"PropertyValueSpecification\",\"valueRequired\":true,\"valueName\":\"search_term_string\"}}],\"inLanguage\":\"nl-NL\"},{\"@type\":\"Organization\",\"@id\":\"https:\\\/\\\/lourdesmb.be\\\/nl\\\/#organization\",\"name\":\"P\u00e8lerinage de Lourdes\",\"url\":\"https:\\\/\\\/lourdesmb.be\\\/nl\\\/\",\"logo\":{\"@type\":\"ImageObject\",\"inLanguage\":\"nl-NL\",\"@id\":\"https:\\\/\\\/lourdesmb.be\\\/nl\\\/#\\\/schema\\\/logo\\\/image\\\/\",\"url\":\"https:\\\/\\\/lourdesmb.be\\\/wp-content\\\/uploads\\\/2022\\\/08\\\/logo_.png\",\"contentUrl\":\"https:\\\/\\\/lourdesmb.be\\\/wp-content\\\/uploads\\\/2022\\\/08\\\/logo_.png\",\"width\":100,\"height\":99,\"caption\":\"P\u00e8lerinage de Lourdes\"},\"image\":{\"@id\":\"https:\\\/\\\/lourdesmb.be\\\/nl\\\/#\\\/schema\\\/logo\\\/image\\\/\"}}]}<\/script>\n<!-- \/ Yoast SEO plugin. -->","yoast_head_json":{"title":"Programma - P\u00e8lerinage de Lourdes","robots":{"index":"index","follow":"follow","max-snippet":"max-snippet:-1","max-image-preview":"max-image-preview:large","max-video-preview":"max-video-preview:-1"},"canonical":"https:\/\/lourdesmb.be\/nl\/programme-2025\/","og_locale":"nl_NL","og_type":"article","og_title":"Programma - P\u00e8lerinage de Lourdes","og_description":"Programme 2025 Mercredi 13 ao\u00fbtD\u00e9part en bus de Belgique et puis en TGV de Tourcoing.\u00a0 Jeudi 14 ao\u00fbt Matin Accueil au p\u00e8lerinage et pr\u00e9sentation des groupes. Conf\u00e9rence sur le th\u00e8me\u00a0 \u201cAvec Marie, P\u00e8lerins d\u2019Esp\u00e9rance\u201c. Apr\u00e8s &#8211; midi Messe d\u2019ouverture dans la Basilique du Rosaire. Vendredi 15 ao\u00fbt \u00a0&#8211; F\u00eate de l\u2019Assomption Matin Messe internationale Apr\u00e8s [&hellip;]","og_url":"https:\/\/lourdesmb.be\/nl\/programme-2025\/","og_site_name":"P\u00e8lerinage de Lourdes","article_modified_time":"2025-03-05T20:37:51+00:00","og_image":[{"url":"https:\/\/lourdesmb.be\/wp-content\/uploads\/2025\/03\/IMG_0536-1024x683.jpg","type":"","width":"","height":""}],"twitter_card":"summary_large_image","twitter_misc":{"Geschatte leestijd":"2 minuten"},"schema":{"@context":"https:\/\/schema.org","@graph":[{"@type":"WebPage","@id":"https:\/\/lourdesmb.be\/nl\/programme-2025\/","url":"https:\/\/lourdesmb.be\/nl\/programme-2025\/","name":"Programma - P\u00e8lerinage de Lourdes","isPartOf":{"@id":"https:\/\/lourdesmb.be\/nl\/#website"},"primaryImageOfPage":{"@id":"https:\/\/lourdesmb.be\/nl\/programme-2025\/#primaryimage"},"image":{"@id":"https:\/\/lourdesmb.be\/nl\/programme-2025\/#primaryimage"},"thumbnailUrl":"https:\/\/lourdesmb.be\/wp-content\/uploads\/2025\/03\/IMG_0536-1024x683.jpg","datePublished":"2025-03-04T19:58:05+00:00","dateModified":"2025-03-05T20:37:51+00:00","breadcrumb":{"@id":"https:\/\/lourdesmb.be\/nl\/programme-2025\/#breadcrumb"},"inLanguage":"nl-NL","potentialAction":[{"@type":"ReadAction","target":["https:\/\/lourdesmb.be\/nl\/programme-2025\/"]}]},{"@type":"ImageObject","inLanguage":"nl-NL","@id":"https:\/\/lourdesmb.be\/nl\/programme-2025\/#primaryimage","url":"https:\/\/lourdesmb.be\/wp-content\/uploads\/2025\/03\/IMG_0536-1024x683.jpg","contentUrl":"https:\/\/lourdesmb.be\/wp-content\/uploads\/2025\/03\/IMG_0536-1024x683.jpg"},{"@type":"BreadcrumbList","@id":"https:\/\/lourdesmb.be\/nl\/programme-2025\/#breadcrumb","itemListElement":[{"@type":"ListItem","position":1,"name":"Accueil","item":"https:\/\/lourdesmb.be\/nl\/"},{"@type":"ListItem","position":2,"name":"Programma"}]},{"@type":"WebSite","@id":"https:\/\/lourdesmb.be\/nl\/#website","url":"https:\/\/lourdesmb.be\/nl\/","name":"P\u00e8lerinage de Lourdes","description":"R\u00e9alisez votre v\u0153u, votre souhait d\u2019aller \u00e0 Lourdes en p\u00e8lerinage","publisher":{"@id":"https:\/\/lourdesmb.be\/nl\/#organization"},"potentialAction":[{"@type":"SearchAction","target":{"@type":"EntryPoint","urlTemplate":"https:\/\/lourdesmb.be\/nl\/?s={search_term_string}"},"query-input":{"@type":"PropertyValueSpecification","valueRequired":true,"valueName":"search_term_string"}}],"inLanguage":"nl-NL"},{"@type":"Organization","@id":"https:\/\/lourdesmb.be\/nl\/#organization","name":"P\u00e8lerinage de Lourdes","url":"https:\/\/lourdesmb.be\/nl\/","logo":{"@type":"ImageObject","inLanguage":"nl-NL","@id":"https:\/\/lourdesmb.be\/nl\/#\/schema\/logo\/image\/","url":"https:\/\/lourdesmb.be\/wp-content\/uploads\/2022\/08\/logo_.png","contentUrl":"https:\/\/lourdesmb.be\/wp-content\/uploads\/2022\/08\/logo_.png","width":100,"height":99,"caption":"P\u00e8lerinage de Lourdes"},"image":{"@id":"https:\/\/lourdesmb.be\/nl\/#\/schema\/logo\/image\/"}}]}},"_links":{"self":[{"href":"https:\/\/lourdesmb.be\/nl\/wp-json\/wp\/v2\/pages\/2357","targetHints":{"allow":["GET"]}}],"collection":[{"href":"https:\/\/lourdesmb.be\/nl\/wp-json\/wp\/v2\/pages"}],"about":[{"href":"https:\/\/lourdesmb.be\/nl\/wp-json\/wp\/v2\/types\/page"}],"author":[{"embeddable":true,"href":"https:\/\/lourdesmb.be\/nl\/wp-json\/wp\/v2\/users\/1"}],"replies":[{"embeddable":true,"href":"https:\/\/lourdesmb.be\/nl\/wp-json\/wp\/v2\/comments?post=2357"}],"version-history":[{"count":37,"href":"https:\/\/lourdesmb.be\/nl\/wp-json\/wp\/v2\/pages\/2357\/revisions"}],"predecessor-version":[{"id":2398,"href":"https:\/\/lourdesmb.be\/nl\/wp-json\/wp\/v2\/pages\/2357\/revisions\/2398"}],"wp:attachment":[{"href":"https:\/\/lourdesmb.be\/nl\/wp-json\/wp\/v2\/media?parent=2357"}],"curies":[{"name":"wp","href":"https:\/\/api.w.org\/{rel}","templated":true}]}}