{"version":"1.0","provider_name":"P\u00e8lerinage de Lourdes","provider_url":"https:\/\/lourdesmb.be\/nl\/","author_name":"admin9030","author_url":"https:\/\/lourdesmb.be\/nl\/author\/admin9030\/","title":"Programma - P\u00e8lerinage de Lourdes","type":"rich","width":600,"height":338,"html":"<blockquote class=\"wp-embedded-content\" data-secret=\"5lChIAbmBr\"><a href=\"https:\/\/lourdesmb.be\/nl\/programme-2025\/\">Programma<\/a><\/blockquote><iframe sandbox=\"allow-scripts\" security=\"restricted\" src=\"https:\/\/lourdesmb.be\/nl\/programme-2025\/embed\/#?secret=5lChIAbmBr\" width=\"600\" height=\"338\" title=\"&#8220;Programma&#8221; &#8212; P\u00e8lerinage de Lourdes\" data-secret=\"5lChIAbmBr\" frameborder=\"0\" marginwidth=\"0\" marginheight=\"0\" scrolling=\"no\" class=\"wp-embedded-content\"><\/iframe><script>\n\/*! This file is auto-generated *\/\n!function(d,l){\"use strict\";l.querySelector&&d.addEventListener&&\"undefined\"!=typeof URL&&(d.wp=d.wp||{},d.wp.receiveEmbedMessage||(d.wp.receiveEmbedMessage=function(e){var t=e.data;if((t||t.secret||t.message||t.value)&&!\/[^a-zA-Z0-9]\/.test(t.secret)){for(var s,r,n,a=l.querySelectorAll('iframe[data-secret=\"'+t.secret+'\"]'),o=l.querySelectorAll('blockquote[data-secret=\"'+t.secret+'\"]'),c=new RegExp(\"^https?:$\",\"i\"),i=0;i<o.length;i++)o[i].style.display=\"none\";for(i=0;i<a.length;i++)s=a[i],e.source===s.contentWindow&&(s.removeAttribute(\"style\"),\"height\"===t.message?(1e3<(r=parseInt(t.value,10))?r=1e3:~~r<200&&(r=200),s.height=r):\"link\"===t.message&&(r=new URL(s.getAttribute(\"src\")),n=new URL(t.value),c.test(n.protocol))&&n.host===r.host&&l.activeElement===s&&(d.top.location.href=t.value))}},d.addEventListener(\"message\",d.wp.receiveEmbedMessage,!1),l.addEventListener(\"DOMContentLoaded\",function(){for(var e,t,s=l.querySelectorAll(\"iframe.wp-embedded-content\"),r=0;r<s.length;r++)(t=(e=s[r]).getAttribute(\"data-secret\"))||(t=Math.random().toString(36).substring(2,12),e.src+=\"#?secret=\"+t,e.setAttribute(\"data-secret\",t)),e.contentWindow.postMessage({message:\"ready\",secret:t},\"*\")},!1)))}(window,document);\n\/\/# sourceURL=https:\/\/lourdesmb.be\/wp-includes\/js\/wp-embed.min.js\n<\/script>\n","description":"Programme 2025 Mercredi 13 ao\u00fbtD\u00e9part en bus de Belgique et puis en TGV de Tourcoing.\u00a0 Jeudi 14 ao\u00fbt Matin Accueil au p\u00e8lerinage et pr\u00e9sentation des groupes. Conf\u00e9rence sur le th\u00e8me\u00a0 \u201cAvec Marie, P\u00e8lerins d\u2019Esp\u00e9rance\u201c. Apr\u00e8s &#8211; midi Messe d\u2019ouverture dans la Basilique du Rosaire. Vendredi 15 ao\u00fbt \u00a0&#8211; F\u00eate de l\u2019Assomption Matin Messe internationale Apr\u00e8s [&hellip;]","thumbnail_url":"https:\/\/lourdesmb.be\/wp-content\/uploads\/2025\/03\/IMG_0536-1024x683.jpg"}